{"id":6510,"date":"2022-11-14T11:58:59","date_gmt":"2022-11-14T16:58:59","guid":{"rendered":"https:\/\/reussirestrie.ca\/nouvelles\/r3ussir-et-le-collectif-estrien-0-5-ans-soulignent-la-grande-semaine-des-tout-petits\/"},"modified":"2023-04-19T10:21:46","modified_gmt":"2023-04-19T14:21:46","slug":"r3ussir-et-le-collectif-estrien-0-5-ans-soulignent-la-grande-semaine-des-tout-petits","status":"publish","type":"cke_nouvelle","link":"https:\/\/reussirestrie.ca\/en\/nouvelles\/r3ussir-et-le-collectif-estrien-0-5-ans-soulignent-la-grande-semaine-des-tout-petits\/","title":{"rendered":"R3USSIR et le Collectif estrien 0-5 ans voient GRAND durant la Grande semaine des tout-petits!"},"content":{"rendered":"<div class=\"wp-block-group block-nouvelle-header\">\n\t<div class=\"pad-horizontal-3xl pad-vertical-2xl\">\n\t\t<h6 class=\"has-cke-white-color has-text-color\">Nouvelles<\/h6>\n\t\t<h1 class=\"has-cke-white-color has-text-color\">R3USSIR et le Collectif estrien 0-5 ans voient GRAND durant la Grande semaine des tout-petits!<\/h1>\n\t\t<div>\n\t\t\t<a href=\"\">14 Nov 2022<\/a>\n\t\t\t\t\t\t\t<a href=\"\">News<\/a>\n\t\t\t\t\t<\/div>\n\t<\/div>\n\t<img decoding=\"async\" width=\"1440\" height=\"700\" data-src=\"https:\/\/reussirestrie.ca\/wp-content\/uploads\/2022\/11\/nouvelles-site-web-1440x700-1.png\" class=\"attachment-post-thumbnail size-post-thumbnail wp-post-image lazyload\" alt=\"\" data-srcset=\"https:\/\/reussirestrie.ca\/wp-content\/uploads\/2022\/11\/nouvelles-site-web-1440x700-1.png 1440w, https:\/\/reussirestrie.ca\/wp-content\/uploads\/2022\/11\/nouvelles-site-web-1440x700-1-300x146.png 300w, https:\/\/reussirestrie.ca\/wp-content\/uploads\/2022\/11\/nouvelles-site-web-1440x700-1-1024x498.png 1024w, https:\/\/reussirestrie.ca\/wp-content\/uploads\/2022\/11\/nouvelles-site-web-1440x700-1-768x373.png 768w\" data-sizes=\"(max-width: 1440px) 100vw, 1440px\" src=\"data:image\/svg+xml;base64,PHN2ZyB3aWR0aD0iMSIgaGVpZ2h0PSIxIiB4bWxucz0iaHR0cDovL3d3dy53My5vcmcvMjAwMC9zdmciPjwvc3ZnPg==\" style=\"--smush-placeholder-width: 1440px; --smush-placeholder-aspect-ratio: 1440\/700;\" \/><\/div>\n\n\n<div class=\"wp-block-group block-text pad-vertical-2xl pad-horizontal-3xl is-layout-flow wp-block-group-is-layout-flow\">\n<h4 class=\"wp-block-heading\"><strong>En cette <a href=\"https:\/\/collectifpetiteenfance.com\/grande-semaine-des-tout-petits\/\" target=\"_blank\" rel=\"noreferrer noopener\">Grande semaine des tout-petits<\/a>, qui se d\u00e9roule du 14 au 20 novembre, R\u01b7USSIR et le <a href=\"https:\/\/www.facebook.com\/collectif.estrien.05ans\/\" target=\"_blank\" rel=\"noreferrer noopener\">Collectif estrien 0-5 ans<\/a> souhaitent souligner l\u2019engagement de tous les sympathisants de la petite enfance et inviter ces derniers \u00e0 adh\u00e9rer \u00e0 la <\/strong><a href=\"https:\/\/voirgrandpournosenfants.ca\/wp-vgpne\/wp-content\/uploads\/2022\/09\/Charte11x17_R3USSIR_FR_VF.pdf\"><strong>Charte estrienne&nbsp;:<em> Voir grand pour nos enfants<\/em><\/strong><\/a><strong>. Ensemble, mettons les tout-petits au c\u0153ur de nos priorit\u00e9s, afin qu\u2019ils puissent atteindre leur plein potentiel!<\/strong><\/h4>\n\n\n\n<p>Rappelons que la <a href=\"https:\/\/voirgrandpournosenfants.ca\/wp-vgpne\/wp-content\/uploads\/2022\/09\/Charte11x17_R3USSIR_FR_VF.pdf\" target=\"_blank\" rel=\"noreferrer noopener\">Charte estrienne&nbsp;: <em>Voir grand pour nos enfants<\/em><\/a> a \u00e9t\u00e9 lanc\u00e9e en 2019 par le Projet PR\u00c9E (maintenant R\u01b7USSIR) et le Collectif estrien 0-5 ans afin d\u2019amener les partenaires issus de tous les milieux \u00e0 poser des actions concr\u00e8tes pour am\u00e9liorer le bien-\u00eatre et la r\u00e9ussite de nos enfants. En Estrie, 29 % des enfants sont vuln\u00e9rables dans au moins un domaine de d\u00e9veloppement \u00e0 l\u2019entr\u00e9e \u00e0 la maternelle, ce qui fragilise leur plaisir d\u2019apprendre et leur d\u00e9sir de r\u00e9ussir, d\u2019o\u00f9 l\u2019importance d\u2019agir tous ensemble. On observe \u00e9galement des in\u00e9galit\u00e9s puisque les enfants ne grandissent pas tous dans les m\u00eames conditions. L\u2019objectif ultime&nbsp;: faire passer de 71&nbsp;% \u00e0 80 %, d\u2019ici 2025, la proportion d\u2019enfants estriens n\u2019ayant aucune vuln\u00e9rabilit\u00e9 \u00e0 l\u2019entr\u00e9e \u00e0 la maternelle. \u00c0 ce jour, plus de 870 individus et organisations ont adh\u00e9r\u00e9 \u00e0 la Charte. Si ce n\u2019est d\u00e9j\u00e0 fait, il est toujours temps de passer \u00e0 l\u2019action! Vous trouverez la Charte en pi\u00e8ce jointe.<\/p>\n\n\n\n<h5 class=\"wp-block-heading\"><strong>Votre organisation n\u2019a pas encore adh\u00e9r\u00e9 \u00e0 la Charte? Vous souhaitez adh\u00e9rer en votre nom personnel? En tant que partenaires et sympathisants de la petite enfance, nous vous invitons \u00e0&nbsp;adh\u00e9rer \u00e0 la Charte et \u00e0 mettre en place des actions concr\u00e8tes qui contribuent au d\u00e9veloppement des enfants.<\/strong><\/h5>\n\n\n\n<p><strong>Voici trois fa\u00e7ons de <em>voir grand pour nos enfants<\/em>&nbsp;:<\/strong><\/p>\n\n\n\n<div class=\"wp-block-media-text alignwide has-media-on-the-right is-stacked-on-mobile\"><div class=\"wp-block-media-text__content\">\n<h6 class=\"wp-block-heading\"><strong>1. Signez la Charte afin de t\u00e9moigner de votre engagement et de votre adh\u00e9sion!<\/strong><\/h6>\n\n\n\n<p>Si ce n\u2019est d\u00e9j\u00e0 fait, adh\u00e9rez \u00e0 la Charte en vous rendant sur le site <a href=\"https:\/\/can01.safelinks.protection.outlook.com\/?url=http%3A%2F%2Fwww.voirgrandpournosenfants.ca%2F&amp;data=04%7C01%7Cbergeronj%40etsb.qc.ca%7C0dda335f8ad74263472008d9a51d2ae4%7Cf72c356773dc49868fa61460adb46ae6%7C0%7C0%7C637722367536411160%7CUnknown%7CTWFpbGZsb3d8eyJWIjoiMC4wLjAwMDAiLCJQIjoiV2luMzIiLCJBTiI6Ik1haWwiLCJXVCI6Mn0%3D%7C1000&amp;sdata=y1ctJYeH%2F3LPANYXZGr2Tr9gruKHCy6bRDPQn2f9yz0%3D&amp;reserved=0\" target=\"_blank\" rel=\"noreferrer noopener\">voir<strong>grand<\/strong>pour<strong>nos<\/strong>enfants.ca<\/a>. Vous pouvez consulter la <a href=\"https:\/\/voirgrandpournosenfants.ca\/ambassadeurs\/\" target=\"_blank\" rel=\"noreferrer noopener\">liste des ambassadeurs<\/a> qui ont sign\u00e9 la Charte \u00e0 ce jour.<\/p>\n\n\n\n<h6 class=\"wp-block-heading\">2. Faites rayonner votre adh\u00e9sion dans votre r\u00e9seau!<\/h6>\n\n\n\n<p>Partagez votre adh\u00e9sion et invitez votre r\u00e9seau \u00e0 adh\u00e9rer \u00e9galement \u00e0 la Charte! Le nouveau site Web <a href=\"http:\/\/www.voirgrandpournosenfants.ca\" target=\"_blank\" rel=\"noreferrer noopener\">voir<strong>grand<\/strong>pour<strong>nos<\/strong>enfants.ca<\/a> vous propose une <a href=\"https:\/\/voirgrandpournosenfants.ca\/idees_actions\/#boite_outils\" target=\"_blank\" rel=\"noreferrer noopener\">bo\u00eete \u00e0 outils<\/a>, incluant du mat\u00e9riel promotionnel et un <a href=\"https:\/\/voirgrandpournosenfants.ca\/wp-vgpne\/wp-content\/uploads\/2022\/09\/Presentation_Charte_VF.pdf\" target=\"_blank\" rel=\"noreferrer noopener\">document de pr\u00e9sentation<\/a> pour mobiliser les milieux autour des principes d\u2019action et des engagements de la Charte. Vous pouvez aussi apposer le sceau <a href=\"https:\/\/voirgrandpournosenfants.ca\/wp-vgpne\/wp-content\/uploads\/2021\/11\/Sceau_Adherent_FR.jpg\" target=\"_blank\" rel=\"noreferrer noopener\">\u00ab&nbsp;Fier adh\u00e9rant&nbsp;\u00bb<\/a> ou <a href=\"https:\/\/voirgrandpournosenfants.ca\/wp-vgpne\/wp-content\/uploads\/2021\/11\/Sceau_Adherente_FR.jpg\" target=\"_blank\" rel=\"noreferrer noopener\">\u00ab Fi\u00e8re adh\u00e9rente \u00bb<\/a> \u00e0 votre signature courriel et le bandeau <a href=\"https:\/\/voirgrandpournosenfants.ca\/wp-vgpne\/wp-content\/uploads\/2022\/09\/PREE_voir_grand_2021_FACEBOOK828x360v64-scaled.jpg\" target=\"_blank\" rel=\"noreferrer noopener\">\u00ab Fier adh\u00e9rent \u00bb<\/a> ou <a href=\"https:\/\/voirgrandpournosenfants.ca\/wp-vgpne\/wp-content\/uploads\/2022\/09\/PREE_voir_grand_2021_FACEBOOK828x360v63-scaled.jpg\" target=\"_blank\" rel=\"noreferrer noopener\">\u00ab&nbsp;Fi\u00e8re adh\u00e9rente \u00bb<\/a> sur votre site Web ou vos r\u00e9seaux sociaux.<\/p>\n\n\n\n<h6 class=\"wp-block-heading\">3. Posez un geste concret en faveur des enfants!<\/h6>\n\n\n\n<p>Besoin d\u2019id\u00e9es? Consultez notre section <a href=\"https:\/\/voirgrandpournosenfants.ca\/idees_actions\/\" target=\"_blank\" rel=\"noreferrer noopener\">Ressources<\/a> pour des suggestions de gestes \u00e0 poser, selon le secteur d\u2019activit\u00e9 de votre organisation.<\/p>\n<\/div><figure class=\"wp-block-media-text__media\"><img decoding=\"async\" width=\"1024\" height=\"1024\" data-src=\"https:\/\/reussirestrie.ca\/wp-content\/uploads\/2022\/11\/sceau-adherent-fr-1024x1024.jpg\" alt=\"\" class=\"wp-image-5083 size-full lazyload\" data-srcset=\"https:\/\/reussirestrie.ca\/wp-content\/uploads\/2022\/11\/sceau-adherent-fr-1024x1024.jpg 1024w, https:\/\/reussirestrie.ca\/wp-content\/uploads\/2022\/11\/sceau-adherent-fr-300x300.jpg 300w, https:\/\/reussirestrie.ca\/wp-content\/uploads\/2022\/11\/sceau-adherent-fr-150x150.jpg 150w, https:\/\/reussirestrie.ca\/wp-content\/uploads\/2022\/11\/sceau-adherent-fr-768x768.jpg 768w, https:\/\/reussirestrie.ca\/wp-content\/uploads\/2022\/11\/sceau-adherent-fr-1536x1536.jpg 1536w, https:\/\/reussirestrie.ca\/wp-content\/uploads\/2022\/11\/sceau-adherent-fr.jpg 1736w\" data-sizes=\"(max-width: 1024px) 100vw, 1024px\" src=\"data:image\/svg+xml;base64,PHN2ZyB3aWR0aD0iMSIgaGVpZ2h0PSIxIiB4bWxucz0iaHR0cDovL3d3dy53My5vcmcvMjAwMC9zdmciPjwvc3ZnPg==\" style=\"--smush-placeholder-width: 1024px; --smush-placeholder-aspect-ratio: 1024\/1024;\" \/><\/figure><\/div>\n\n\n\n<p>Que vous travailliez au sein d\u2019un \u00e9tablissement d\u2019enseignement, d\u2019un service de garde \u00e9ducatif \u00e0 l\u2019enfance, d\u2019un organisme communautaire, d\u2019une organisation de sant\u00e9 et de services sociaux, d\u2019une entreprise, d\u2019une municipalit\u00e9 ou autre, vous pouvez influencer directement la qualit\u00e9 de vie des familles et permettre ainsi aux enfants, des plus petits aux plus grands, de d\u00e9velopper leur plein potentiel. Et les impacts positifs deviennent encore plus grands lorsqu\u2019on agit collectivement.<\/p>\n\n\n\n<p><strong>Merci pour votre engagement pour nos tout-petits, les grands citoyens de demain!<\/strong><\/p>\n\n\n\n<div class=\"wp-block-buttons is-layout-flex wp-block-buttons-is-layout-flex\">\n<div class=\"wp-block-button\"><a class=\"wp-block-button__link wp-element-button\" href=\"http:\/\/voirgrandpournosenfants.ca\" target=\"_blank\" rel=\"noreferrer noopener\">Consultez le site de la Charte estrienne : <em>Voir grand pour nos enfants<\/em><\/a><\/div>\n<\/div>\n\n\n\n<p><\/p>\n\n\n\n<div class=\"wp-block-columns is-layout-flex wp-container-core-columns-is-layout-9d6595d7 wp-block-columns-is-layout-flex\">\n<div class=\"wp-block-column is-layout-flow wp-block-column-is-layout-flow\" style=\"flex-basis:100%\">\n<div class=\"wp-block-columns alignwide is-layout-flex wp-container-core-columns-is-layout-9d6595d7 wp-block-columns-is-layout-flex\">\n<div class=\"wp-block-column is-layout-flow wp-block-column-is-layout-flow\" style=\"flex-basis:100%\"><\/div>\n<\/div>\n<\/div>\n<\/div>\n\n\n\n<h4 class=\"wp-block-heading has-medium-font-size\"><\/h4>\n\n\n\n<div class=\"wp-block-buttons is-layout-flex wp-block-buttons-is-layout-flex\">\n<div class=\"wp-block-button btn btn-green-outline back is-style-outline is-style-outline--1\"><a class=\"wp-block-button__link has-cke-primary-color has-text-color wp-element-button\" href=\"https:\/\/reussirestrie.ca\/en\/news-and-events\/\">Retour \u00e0 la liste des nouvelles<\/a><\/div>\n<\/div>\n<\/div>\n\n\n<div class=\"nouvelles-module cpt-module pad-vertical-2xl pad-horizontal-3xl \">\n            <div class=\"slideshow-content pad-vertical-l\">\n            <h2>Other news and events<\/h2>\n            <div class=\"slideshow-controls marg-vertical-xl\">\n                <a class=\"btn btn-green-outline txt-main\" href=\"https:\/\/reussirestrie.ca\/nouvelles-et-evenements\/\">View all news and events<\/a>\n                <a data-rel=\"prev\" class=\"btn btn-green-circle marg-horizontal-s\"><i class=\"fa fa-arrow-left txt-main\"><\/i><\/a>\n                <a data-rel=\"next\" class=\"btn btn-green-circle\"><i class=\"fa fa-arrow-right txt-main\"><\/i><\/a>\n            <\/div>\n            <div class=\"slideshow-slides\">\n                <div class='wp-block-columns'><div class='wp-block-column'><div class='content pad-vertical-l pad-horizontal-l'><img decoding=\"async\" width=\"1080\" height=\"525\" data-src=\"https:\/\/reussirestrie.ca\/wp-content\/uploads\/2026\/02\/nouvelles-site-web-1440x700-20.png\" class=\"attachment-post-thumbnail size-post-thumbnail wp-post-image lazyload\" alt=\"\" data-srcset=\"https:\/\/reussirestrie.ca\/wp-content\/uploads\/2026\/02\/nouvelles-site-web-1440x700-20.png 1080w, https:\/\/reussirestrie.ca\/wp-content\/uploads\/2026\/02\/nouvelles-site-web-1440x700-20-300x146.png 300w, https:\/\/reussirestrie.ca\/wp-content\/uploads\/2026\/02\/nouvelles-site-web-1440x700-20-1024x498.png 1024w, https:\/\/reussirestrie.ca\/wp-content\/uploads\/2026\/02\/nouvelles-site-web-1440x700-20-768x373.png 768w\" data-sizes=\"(max-width: 1080px) 100vw, 1080px\" src=\"data:image\/svg+xml;base64,PHN2ZyB3aWR0aD0iMSIgaGVpZ2h0PSIxIiB4bWxucz0iaHR0cDovL3d3dy53My5vcmcvMjAwMC9zdmciPjwvc3ZnPg==\" style=\"--smush-placeholder-width: 1080px; --smush-placeholder-aspect-ratio: 1080\/525;\" \/><div><p class='txt-black txt-bold marg-vertical-m'>16 Feb 2026<\/p><a class='txt-main marg-horizontal-m'>News<\/a><\/div><h5 class='txt-main'>C&#8217;est parti pour les Journ\u00e9es de la pers\u00e9v\u00e9rance scolaire en Estrie!<\/h5><a href='https:\/\/reussirestrie.ca\/en\/nouvelles\/cest-parti-pour-les-journees-de-la-perseverance-scolaire-en-estrie\/'><svg version='1.1' id='Layer_1' xmlns='http:\/\/www.w3.org\/2000\/svg' xmlns:xlink='http:\/\/www.w3.org\/1999\/xlink' x='0px' y='0px' viewBox='0 0 32 32' \t\t\t\t  style='enable-background:new 0 0 32 32;' xml:space='preserve'><style type='text\/css'>.st0{fill:none;stroke-width: 3;}<\/style><path id='Shape' class='st0' d='M0,16h29.2 M15,1l15,15L15,31'\/><\/svg>Read more<\/a><\/div><\/div><div class='wp-block-column'><div class='content pad-vertical-l pad-horizontal-l'><img decoding=\"async\" width=\"2880\" height=\"1400\" data-src=\"https:\/\/reussirestrie.ca\/wp-content\/uploads\/2026\/04\/nouvelles-site-web-1440x700-8.png\" class=\"attachment-post-thumbnail size-post-thumbnail wp-post-image lazyload\" alt=\"\" data-srcset=\"https:\/\/reussirestrie.ca\/wp-content\/uploads\/2026\/04\/nouvelles-site-web-1440x700-8.png 2880w, https:\/\/reussirestrie.ca\/wp-content\/uploads\/2026\/04\/nouvelles-site-web-1440x700-8-300x146.png 300w, https:\/\/reussirestrie.ca\/wp-content\/uploads\/2026\/04\/nouvelles-site-web-1440x700-8-1024x498.png 1024w, https:\/\/reussirestrie.ca\/wp-content\/uploads\/2026\/04\/nouvelles-site-web-1440x700-8-768x373.png 768w, https:\/\/reussirestrie.ca\/wp-content\/uploads\/2026\/04\/nouvelles-site-web-1440x700-8-1536x747.png 1536w, https:\/\/reussirestrie.ca\/wp-content\/uploads\/2026\/04\/nouvelles-site-web-1440x700-8-2048x996.png 2048w\" data-sizes=\"(max-width: 2880px) 100vw, 2880px\" src=\"data:image\/svg+xml;base64,PHN2ZyB3aWR0aD0iMSIgaGVpZ2h0PSIxIiB4bWxucz0iaHR0cDovL3d3dy53My5vcmcvMjAwMC9zdmciPjwvc3ZnPg==\" style=\"--smush-placeholder-width: 2880px; --smush-placeholder-aspect-ratio: 2880\/1400;\" \/><div><p class='txt-black txt-bold marg-vertical-m'>21 Apr 2026<\/p><a class='txt-main marg-horizontal-m'>News<\/a><\/div><h5 class='txt-main'>Strat\u00e9gie estivale : d\u00e9couvrez nos actions pour l&#8217;\u00e9t\u00e9 2026!<\/h5><a href='https:\/\/reussirestrie.ca\/en\/nouvelles\/strategie-estivale-decouvrez-nos-actions-pour-lete-2026\/'><svg version='1.1' id='Layer_1' xmlns='http:\/\/www.w3.org\/2000\/svg' xmlns:xlink='http:\/\/www.w3.org\/1999\/xlink' x='0px' y='0px' viewBox='0 0 32 32' \t\t\t\t  style='enable-background:new 0 0 32 32;' xml:space='preserve'><style type='text\/css'>.st0{fill:none;stroke-width: 3;}<\/style><path id='Shape' class='st0' d='M0,16h29.2 M15,1l15,15L15,31'\/><\/svg>Read more<\/a><\/div><\/div><div class='wp-block-column'><div class='content pad-vertical-l pad-horizontal-l'><img decoding=\"async\" width=\"1620\" height=\"788\" data-src=\"https:\/\/reussirestrie.ca\/wp-content\/uploads\/2025\/10\/nouvelles-site-web-1440x700-10.png\" class=\"attachment-post-thumbnail size-post-thumbnail wp-post-image lazyload\" alt=\"\" data-srcset=\"https:\/\/reussirestrie.ca\/wp-content\/uploads\/2025\/10\/nouvelles-site-web-1440x700-10.png 1620w, https:\/\/reussirestrie.ca\/wp-content\/uploads\/2025\/10\/nouvelles-site-web-1440x700-10-300x146.png 300w, https:\/\/reussirestrie.ca\/wp-content\/uploads\/2025\/10\/nouvelles-site-web-1440x700-10-1024x498.png 1024w, https:\/\/reussirestrie.ca\/wp-content\/uploads\/2025\/10\/nouvelles-site-web-1440x700-10-768x374.png 768w, https:\/\/reussirestrie.ca\/wp-content\/uploads\/2025\/10\/nouvelles-site-web-1440x700-10-1536x747.png 1536w\" data-sizes=\"(max-width: 1620px) 100vw, 1620px\" src=\"data:image\/svg+xml;base64,PHN2ZyB3aWR0aD0iMSIgaGVpZ2h0PSIxIiB4bWxucz0iaHR0cDovL3d3dy53My5vcmcvMjAwMC9zdmciPjwvc3ZnPg==\" style=\"--smush-placeholder-width: 1620px; --smush-placeholder-aspect-ratio: 1620\/788;\" \/><div><p class='txt-black txt-bold marg-vertical-m'>9 Mar 2026<\/p><a class='txt-main marg-horizontal-m'>News<\/a><\/div><h5 class='txt-main'>Lire, compter, cliquer : Un nouveau projet pour soutenir la transformation num\u00e9rique des entreprises<\/h5><a href='https:\/\/reussirestrie.ca\/en\/nouvelles\/lire-compter-cliquer-un-nouveau-projet-pour-soutenir-la-transformation-numerique-des-entreprises\/'><svg version='1.1' id='Layer_1' xmlns='http:\/\/www.w3.org\/2000\/svg' xmlns:xlink='http:\/\/www.w3.org\/1999\/xlink' x='0px' y='0px' viewBox='0 0 32 32' \t\t\t\t  style='enable-background:new 0 0 32 32;' xml:space='preserve'><style type='text\/css'>.st0{fill:none;stroke-width: 3;}<\/style><path id='Shape' class='st0' d='M0,16h29.2 M15,1l15,15L15,31'\/><\/svg>Read more<\/a><\/div><\/div><\/div><div class='wp-block-columns'><div class='wp-block-column'><div class='content pad-vertical-l pad-horizontal-l'><img decoding=\"async\" width=\"1440\" height=\"700\" data-src=\"https:\/\/reussirestrie.ca\/wp-content\/uploads\/2025\/11\/nouvelles-site-web-1440x700-17.png\" class=\"attachment-post-thumbnail size-post-thumbnail wp-post-image lazyload\" alt=\"\" data-srcset=\"https:\/\/reussirestrie.ca\/wp-content\/uploads\/2025\/11\/nouvelles-site-web-1440x700-17.png 1440w, https:\/\/reussirestrie.ca\/wp-content\/uploads\/2025\/11\/nouvelles-site-web-1440x700-17-300x146.png 300w, https:\/\/reussirestrie.ca\/wp-content\/uploads\/2025\/11\/nouvelles-site-web-1440x700-17-1024x498.png 1024w, https:\/\/reussirestrie.ca\/wp-content\/uploads\/2025\/11\/nouvelles-site-web-1440x700-17-768x373.png 768w\" data-sizes=\"(max-width: 1440px) 100vw, 1440px\" src=\"data:image\/svg+xml;base64,PHN2ZyB3aWR0aD0iMSIgaGVpZ2h0PSIxIiB4bWxucz0iaHR0cDovL3d3dy53My5vcmcvMjAwMC9zdmciPjwvc3ZnPg==\" style=\"--smush-placeholder-width: 1440px; --smush-placeholder-aspect-ratio: 1440\/700;\" \/><div><p class='txt-black txt-bold marg-vertical-m'>25 Nov 2025<\/p><a class='txt-main marg-horizontal-m'>News<\/a><\/div><h5 class='txt-main'>En route vers les JPS 2026 : D\u00e9couvrez notre programmation!<\/h5><a href='https:\/\/reussirestrie.ca\/en\/nouvelles\/en-route-vers-les-jps-2026-decouvrez-notre-programmation\/'><svg version='1.1' id='Layer_1' xmlns='http:\/\/www.w3.org\/2000\/svg' xmlns:xlink='http:\/\/www.w3.org\/1999\/xlink' x='0px' y='0px' viewBox='0 0 32 32' \t\t\t\t  style='enable-background:new 0 0 32 32;' xml:space='preserve'><style type='text\/css'>.st0{fill:none;stroke-width: 3;}<\/style><path id='Shape' class='st0' d='M0,16h29.2 M15,1l15,15L15,31'\/><\/svg>Read more<\/a><\/div><\/div><div class='wp-block-column'><div class='content pad-vertical-l pad-horizontal-l'><img decoding=\"async\" width=\"1080\" height=\"525\" data-src=\"https:\/\/reussirestrie.ca\/wp-content\/uploads\/2025\/11\/nouvelles-site-web-1440x700-16-4.png\" class=\"attachment-post-thumbnail size-post-thumbnail wp-post-image lazyload\" alt=\"\" data-srcset=\"https:\/\/reussirestrie.ca\/wp-content\/uploads\/2025\/11\/nouvelles-site-web-1440x700-16-4.png 1080w, https:\/\/reussirestrie.ca\/wp-content\/uploads\/2025\/11\/nouvelles-site-web-1440x700-16-4-300x146.png 300w, https:\/\/reussirestrie.ca\/wp-content\/uploads\/2025\/11\/nouvelles-site-web-1440x700-16-4-1024x498.png 1024w, https:\/\/reussirestrie.ca\/wp-content\/uploads\/2025\/11\/nouvelles-site-web-1440x700-16-4-768x373.png 768w\" data-sizes=\"(max-width: 1080px) 100vw, 1080px\" src=\"data:image\/svg+xml;base64,PHN2ZyB3aWR0aD0iMSIgaGVpZ2h0PSIxIiB4bWxucz0iaHR0cDovL3d3dy53My5vcmcvMjAwMC9zdmciPjwvc3ZnPg==\" style=\"--smush-placeholder-width: 1080px; --smush-placeholder-aspect-ratio: 1080\/525;\" \/><div><p class='txt-black txt-bold marg-vertical-m'>13 Nov 2025<\/p><a class='txt-main marg-horizontal-m'>Events<\/a><\/div><h5 class='txt-main'>Retour sur le Rendez-vous annuel des partenaires de R3USSIR<\/h5><a href='https:\/\/reussirestrie.ca\/en\/nouvelles\/retour-sur-le-rendez-vous-annuel-des-partenaires-de-r3ussir\/'><svg version='1.1' id='Layer_1' xmlns='http:\/\/www.w3.org\/2000\/svg' xmlns:xlink='http:\/\/www.w3.org\/1999\/xlink' x='0px' y='0px' viewBox='0 0 32 32' \t\t\t\t  style='enable-background:new 0 0 32 32;' xml:space='preserve'><style type='text\/css'>.st0{fill:none;stroke-width: 3;}<\/style><path id='Shape' class='st0' d='M0,16h29.2 M15,1l15,15L15,31'\/><\/svg>Read more<\/a><\/div><\/div><div class='wp-block-column'><div class='content pad-vertical-l pad-horizontal-l'><img decoding=\"async\" width=\"1800\" height=\"875\" data-src=\"https:\/\/reussirestrie.ca\/wp-content\/uploads\/2025\/10\/nouvelles-site-web-1440x700-8.png\" class=\"attachment-post-thumbnail size-post-thumbnail wp-post-image lazyload\" alt=\"\" data-srcset=\"https:\/\/reussirestrie.ca\/wp-content\/uploads\/2025\/10\/nouvelles-site-web-1440x700-8.png 1800w, https:\/\/reussirestrie.ca\/wp-content\/uploads\/2025\/10\/nouvelles-site-web-1440x700-8-300x146.png 300w, https:\/\/reussirestrie.ca\/wp-content\/uploads\/2025\/10\/nouvelles-site-web-1440x700-8-1024x498.png 1024w, https:\/\/reussirestrie.ca\/wp-content\/uploads\/2025\/10\/nouvelles-site-web-1440x700-8-768x373.png 768w, https:\/\/reussirestrie.ca\/wp-content\/uploads\/2025\/10\/nouvelles-site-web-1440x700-8-1536x747.png 1536w\" data-sizes=\"(max-width: 1800px) 100vw, 1800px\" src=\"data:image\/svg+xml;base64,PHN2ZyB3aWR0aD0iMSIgaGVpZ2h0PSIxIiB4bWxucz0iaHR0cDovL3d3dy53My5vcmcvMjAwMC9zdmciPjwvc3ZnPg==\" style=\"--smush-placeholder-width: 1800px; --smush-placeholder-aspect-ratio: 1800\/875;\" \/><div><p class='txt-black txt-bold marg-vertical-m'>14 Oct 2025<\/p><a class='txt-main marg-horizontal-m'>Data and portraits<\/a><\/div><h5 class='txt-main'>Webinaire-atelier &#8211; Les b\u00e9n\u00e9fices de la diplomation<\/h5><a href='https:\/\/reussirestrie.ca\/en\/nouvelles\/webinaire-atelier-les-benefices-de-la-diplomation\/'><svg version='1.1' id='Layer_1' xmlns='http:\/\/www.w3.org\/2000\/svg' xmlns:xlink='http:\/\/www.w3.org\/1999\/xlink' x='0px' y='0px' viewBox='0 0 32 32' \t\t\t\t  style='enable-background:new 0 0 32 32;' xml:space='preserve'><style type='text\/css'>.st0{fill:none;stroke-width: 3;}<\/style><path id='Shape' class='st0' d='M0,16h29.2 M15,1l15,15L15,31'\/><\/svg>Read more<\/a><\/div><\/div><\/div><div class='wp-block-columns'><div class='wp-block-column'><div class='content pad-vertical-l pad-horizontal-l'><img decoding=\"async\" width=\"2880\" height=\"1400\" data-src=\"https:\/\/reussirestrie.ca\/wp-content\/uploads\/2026\/04\/nouvelles-site-web-1440x700-7-1.png\" class=\"attachment-post-thumbnail size-post-thumbnail wp-post-image lazyload\" alt=\"\" data-srcset=\"https:\/\/reussirestrie.ca\/wp-content\/uploads\/2026\/04\/nouvelles-site-web-1440x700-7-1.png 2880w, https:\/\/reussirestrie.ca\/wp-content\/uploads\/2026\/04\/nouvelles-site-web-1440x700-7-1-300x146.png 300w, https:\/\/reussirestrie.ca\/wp-content\/uploads\/2026\/04\/nouvelles-site-web-1440x700-7-1-1024x498.png 1024w, https:\/\/reussirestrie.ca\/wp-content\/uploads\/2026\/04\/nouvelles-site-web-1440x700-7-1-768x373.png 768w, https:\/\/reussirestrie.ca\/wp-content\/uploads\/2026\/04\/nouvelles-site-web-1440x700-7-1-1536x747.png 1536w, https:\/\/reussirestrie.ca\/wp-content\/uploads\/2026\/04\/nouvelles-site-web-1440x700-7-1-2048x996.png 2048w\" data-sizes=\"(max-width: 2880px) 100vw, 2880px\" src=\"data:image\/svg+xml;base64,PHN2ZyB3aWR0aD0iMSIgaGVpZ2h0PSIxIiB4bWxucz0iaHR0cDovL3d3dy53My5vcmcvMjAwMC9zdmciPjwvc3ZnPg==\" style=\"--smush-placeholder-width: 2880px; --smush-placeholder-aspect-ratio: 2880\/1400;\" \/><div><p class='txt-black txt-bold marg-vertical-m'>21 Apr 2026<\/p><a class='txt-main marg-horizontal-m'>News<\/a><\/div><h5 class='txt-main'>D\u00e9couvrez\u00a0et faites rayonner\u00a0\u00ab\u202fR\u00e9inventez votre \u00e9t\u00e9 \u00bb\u00a0\u2013 \u00c9dition 2026<\/h5><a href='https:\/\/reussirestrie.ca\/en\/nouvelles\/decouvrez-et-faites-rayonner-reinventez-votre-ete-edition-2026\/'><svg version='1.1' id='Layer_1' xmlns='http:\/\/www.w3.org\/2000\/svg' xmlns:xlink='http:\/\/www.w3.org\/1999\/xlink' x='0px' y='0px' viewBox='0 0 32 32' \t\t\t\t  style='enable-background:new 0 0 32 32;' xml:space='preserve'><style type='text\/css'>.st0{fill:none;stroke-width: 3;}<\/style><path id='Shape' class='st0' d='M0,16h29.2 M15,1l15,15L15,31'\/><\/svg>Read more<\/a><\/div><\/div><div class='wp-block-column'><div class='content pad-vertical-l pad-horizontal-l'><img decoding=\"async\" width=\"1260\" height=\"613\" data-src=\"https:\/\/reussirestrie.ca\/wp-content\/uploads\/2026\/01\/nouvelles-site-web-1440x700-18.png\" class=\"attachment-post-thumbnail size-post-thumbnail wp-post-image lazyload\" alt=\"\" data-srcset=\"https:\/\/reussirestrie.ca\/wp-content\/uploads\/2026\/01\/nouvelles-site-web-1440x700-18.png 1260w, https:\/\/reussirestrie.ca\/wp-content\/uploads\/2026\/01\/nouvelles-site-web-1440x700-18-300x146.png 300w, https:\/\/reussirestrie.ca\/wp-content\/uploads\/2026\/01\/nouvelles-site-web-1440x700-18-1024x498.png 1024w, https:\/\/reussirestrie.ca\/wp-content\/uploads\/2026\/01\/nouvelles-site-web-1440x700-18-768x374.png 768w\" data-sizes=\"(max-width: 1260px) 100vw, 1260px\" src=\"data:image\/svg+xml;base64,PHN2ZyB3aWR0aD0iMSIgaGVpZ2h0PSIxIiB4bWxucz0iaHR0cDovL3d3dy53My5vcmcvMjAwMC9zdmciPjwvc3ZnPg==\" style=\"--smush-placeholder-width: 1260px; --smush-placeholder-aspect-ratio: 1260\/613;\" \/><div><p class='txt-black txt-bold marg-vertical-m'>29 Jan 2026<\/p><a class='txt-main marg-horizontal-m'>News<\/a><\/div><h5 class='txt-main'>APPEL DE PROJETS 2026-2027 : Soutien financier \u00e0 des initiatives locales et r\u00e9gionales<\/h5><a href='https:\/\/reussirestrie.ca\/en\/nouvelles\/appel-de-projets-2026-2027-soutien-financier-a-des-initiatives-locales-et-regionales\/'><svg version='1.1' id='Layer_1' xmlns='http:\/\/www.w3.org\/2000\/svg' xmlns:xlink='http:\/\/www.w3.org\/1999\/xlink' x='0px' y='0px' viewBox='0 0 32 32' \t\t\t\t  style='enable-background:new 0 0 32 32;' xml:space='preserve'><style type='text\/css'>.st0{fill:none;stroke-width: 3;}<\/style><path id='Shape' class='st0' d='M0,16h29.2 M15,1l15,15L15,31'\/><\/svg>Read more<\/a><\/div><\/div><div class='wp-block-column'><div class='content pad-vertical-l pad-horizontal-l'><img decoding=\"async\" width=\"1440\" height=\"700\" data-src=\"https:\/\/reussirestrie.ca\/wp-content\/uploads\/2025\/11\/nouvelles-site-web-1440x700-14.png\" class=\"attachment-post-thumbnail size-post-thumbnail wp-post-image lazyload\" alt=\"\" data-srcset=\"https:\/\/reussirestrie.ca\/wp-content\/uploads\/2025\/11\/nouvelles-site-web-1440x700-14.png 1440w, https:\/\/reussirestrie.ca\/wp-content\/uploads\/2025\/11\/nouvelles-site-web-1440x700-14-300x146.png 300w, https:\/\/reussirestrie.ca\/wp-content\/uploads\/2025\/11\/nouvelles-site-web-1440x700-14-1024x498.png 1024w, https:\/\/reussirestrie.ca\/wp-content\/uploads\/2025\/11\/nouvelles-site-web-1440x700-14-768x373.png 768w\" data-sizes=\"(max-width: 1440px) 100vw, 1440px\" src=\"data:image\/svg+xml;base64,PHN2ZyB3aWR0aD0iMSIgaGVpZ2h0PSIxIiB4bWxucz0iaHR0cDovL3d3dy53My5vcmcvMjAwMC9zdmciPjwvc3ZnPg==\" style=\"--smush-placeholder-width: 1440px; --smush-placeholder-aspect-ratio: 1440\/700;\" \/><div><p class='txt-black txt-bold marg-vertical-m'>7 Nov 2025<\/p><a class='txt-main marg-horizontal-m'>Data and portraits<\/a><\/div><h5 class='txt-main'>Rapport d&#8217;activit\u00e9 24-25 : Une ann\u00e9e de d\u00e9veloppement collectif<\/h5><a href='https:\/\/reussirestrie.ca\/en\/nouvelles\/rapport-dactivite-24-25-une-annee-de-developpement-collectif\/'><svg version='1.1' id='Layer_1' xmlns='http:\/\/www.w3.org\/2000\/svg' xmlns:xlink='http:\/\/www.w3.org\/1999\/xlink' x='0px' y='0px' viewBox='0 0 32 32' \t\t\t\t  style='enable-background:new 0 0 32 32;' xml:space='preserve'><style type='text\/css'>.st0{fill:none;stroke-width: 3;}<\/style><path id='Shape' class='st0' d='M0,16h29.2 M15,1l15,15L15,31'\/><\/svg>Read more<\/a><\/div><\/div><\/div>            <\/div>\n        <\/div>\n    <\/div>","protected":false},"excerpt":{"rendered":"<p>En cette Grande semaine des tout-petits, qui se d\u00e9roule du 14 au 20 novembre, R\u01b7USSIR et le Collectif estrien 0-5 ans souhaitent souligner l\u2019engagement de tous les sympathisants de la petite enfance et inviter ces derniers \u00e0 adh\u00e9rer \u00e0 la Charte estrienne&nbsp;: Voir grand pour nos enfants. Ensemble, mettons les tout-petits au c\u0153ur de nos [&hellip;]<\/p>\n","protected":false},"featured_media":5086,"template":"","cke_sujet":[105],"cke_type_nouvelle":[79],"class_list":["post-6510","cke_nouvelle","type-cke_nouvelle","status-publish","has-post-thumbnail","hentry","cke_sujet-school-transitions","cke_type_nouvelle-news"],"acf":{"thematique":""},"yoast_head":"<!-- This site is optimized with the Yoast SEO plugin v27.4 - https:\/\/yoast.com\/product\/yoast-seo-wordpress\/ -->\n<title>R3USSIR et le Collectif estrien 0-5 ans voient GRAND durant la Grande semaine des tout-petits! - R3USSIR<\/title>\n<meta name=\"robots\" content=\"index, follow, max-snippet:-1, max-image-preview:large, max-video-preview:-1\" \/>\n<link rel=\"canonical\" href=\"https:\/\/reussirestrie.ca\/en\/nouvelles\/r3ussir-et-le-collectif-estrien-0-5-ans-soulignent-la-grande-semaine-des-tout-petits\/\" \/>\n<meta property=\"og:locale\" content=\"en_US\" \/>\n<meta property=\"og:type\" content=\"article\" \/>\n<meta property=\"og:title\" content=\"R3USSIR et le Collectif estrien 0-5 ans voient GRAND durant la Grande semaine des tout-petits! - R3USSIR\" \/>\n<meta property=\"og:description\" content=\"En cette Grande semaine des tout-petits, qui se d\u00e9roule du 14 au 20 novembre, R\u01b7USSIR et le Collectif estrien 0-5 ans souhaitent souligner l\u2019engagement de tous les sympathisants de la petite enfance et inviter ces derniers \u00e0 adh\u00e9rer \u00e0 la Charte estrienne&nbsp;: Voir grand pour nos enfants. Ensemble, mettons les tout-petits au c\u0153ur de nos [&hellip;]\" \/>\n<meta property=\"og:url\" content=\"https:\/\/reussirestrie.ca\/en\/nouvelles\/r3ussir-et-le-collectif-estrien-0-5-ans-soulignent-la-grande-semaine-des-tout-petits\/\" \/>\n<meta property=\"og:site_name\" content=\"R3USSIR\" \/>\n<meta property=\"article:modified_time\" content=\"2023-04-19T14:21:46+00:00\" \/>\n<meta property=\"og:image\" content=\"https:\/\/reussirestrie.ca\/wp-content\/uploads\/2022\/11\/nouvelles-site-web-1440x700-1.png\" \/>\n\t<meta property=\"og:image:width\" content=\"1440\" \/>\n\t<meta property=\"og:image:height\" content=\"700\" \/>\n\t<meta property=\"og:image:type\" content=\"image\/png\" \/>\n<meta name=\"twitter:card\" content=\"summary_large_image\" \/>\n<meta name=\"twitter:label1\" content=\"Est. reading time\" \/>\n\t<meta name=\"twitter:data1\" content=\"4 minutes\" \/>\n<script type=\"application\/ld+json\" class=\"yoast-schema-graph\">{\"@context\":\"https:\\\/\\\/schema.org\",\"@graph\":[{\"@type\":\"WebPage\",\"@id\":\"https:\\\/\\\/reussirestrie.ca\\\/en\\\/nouvelles\\\/r3ussir-et-le-collectif-estrien-0-5-ans-soulignent-la-grande-semaine-des-tout-petits\\\/\",\"url\":\"https:\\\/\\\/reussirestrie.ca\\\/en\\\/nouvelles\\\/r3ussir-et-le-collectif-estrien-0-5-ans-soulignent-la-grande-semaine-des-tout-petits\\\/\",\"name\":\"R3USSIR et le Collectif estrien 0-5 ans voient GRAND durant la Grande semaine des tout-petits! - R3USSIR\",\"isPartOf\":{\"@id\":\"https:\\\/\\\/reussirestrie.ca\\\/en\\\/#website\"},\"primaryImageOfPage\":{\"@id\":\"https:\\\/\\\/reussirestrie.ca\\\/en\\\/nouvelles\\\/r3ussir-et-le-collectif-estrien-0-5-ans-soulignent-la-grande-semaine-des-tout-petits\\\/#primaryimage\"},\"image\":{\"@id\":\"https:\\\/\\\/reussirestrie.ca\\\/en\\\/nouvelles\\\/r3ussir-et-le-collectif-estrien-0-5-ans-soulignent-la-grande-semaine-des-tout-petits\\\/#primaryimage\"},\"thumbnailUrl\":\"https:\\\/\\\/reussirestrie.ca\\\/wp-content\\\/uploads\\\/2022\\\/11\\\/nouvelles-site-web-1440x700-1.png\",\"datePublished\":\"2022-11-14T16:58:59+00:00\",\"dateModified\":\"2023-04-19T14:21:46+00:00\",\"breadcrumb\":{\"@id\":\"https:\\\/\\\/reussirestrie.ca\\\/en\\\/nouvelles\\\/r3ussir-et-le-collectif-estrien-0-5-ans-soulignent-la-grande-semaine-des-tout-petits\\\/#breadcrumb\"},\"inLanguage\":\"en-US\",\"potentialAction\":[{\"@type\":\"ReadAction\",\"target\":[\"https:\\\/\\\/reussirestrie.ca\\\/en\\\/nouvelles\\\/r3ussir-et-le-collectif-estrien-0-5-ans-soulignent-la-grande-semaine-des-tout-petits\\\/\"]}]},{\"@type\":\"ImageObject\",\"inLanguage\":\"en-US\",\"@id\":\"https:\\\/\\\/reussirestrie.ca\\\/en\\\/nouvelles\\\/r3ussir-et-le-collectif-estrien-0-5-ans-soulignent-la-grande-semaine-des-tout-petits\\\/#primaryimage\",\"url\":\"https:\\\/\\\/reussirestrie.ca\\\/wp-content\\\/uploads\\\/2022\\\/11\\\/nouvelles-site-web-1440x700-1.png\",\"contentUrl\":\"https:\\\/\\\/reussirestrie.ca\\\/wp-content\\\/uploads\\\/2022\\\/11\\\/nouvelles-site-web-1440x700-1.png\",\"width\":1440,\"height\":700},{\"@type\":\"BreadcrumbList\",\"@id\":\"https:\\\/\\\/reussirestrie.ca\\\/en\\\/nouvelles\\\/r3ussir-et-le-collectif-estrien-0-5-ans-soulignent-la-grande-semaine-des-tout-petits\\\/#breadcrumb\",\"itemListElement\":[{\"@type\":\"ListItem\",\"position\":1,\"name\":\"Home\",\"item\":\"https:\\\/\\\/reussirestrie.ca\\\/en\\\/\"},{\"@type\":\"ListItem\",\"position\":2,\"name\":\"Nouvelles\",\"item\":\"https:\\\/\\\/reussirestrie.ca\\\/en\\\/nouvelles\\\/\"},{\"@type\":\"ListItem\",\"position\":3,\"name\":\"R3USSIR et le Collectif estrien 0-5 ans voient GRAND durant la Grande semaine des tout-petits!\"}]},{\"@type\":\"WebSite\",\"@id\":\"https:\\\/\\\/reussirestrie.ca\\\/en\\\/#website\",\"url\":\"https:\\\/\\\/reussirestrie.ca\\\/en\\\/\",\"name\":\"R3USSIR\",\"description\":\"Prioritizing education means prioritizing success\",\"potentialAction\":[{\"@type\":\"SearchAction\",\"target\":{\"@type\":\"EntryPoint\",\"urlTemplate\":\"https:\\\/\\\/reussirestrie.ca\\\/en\\\/?s={search_term_string}\"},\"query-input\":{\"@type\":\"PropertyValueSpecification\",\"valueRequired\":true,\"valueName\":\"search_term_string\"}}],\"inLanguage\":\"en-US\"}]}<\/script>\n<!-- \/ Yoast SEO plugin. -->","yoast_head_json":{"title":"R3USSIR et le Collectif estrien 0-5 ans voient GRAND durant la Grande semaine des tout-petits! - R3USSIR","robots":{"index":"index","follow":"follow","max-snippet":"max-snippet:-1","max-image-preview":"max-image-preview:large","max-video-preview":"max-video-preview:-1"},"canonical":"https:\/\/reussirestrie.ca\/en\/nouvelles\/r3ussir-et-le-collectif-estrien-0-5-ans-soulignent-la-grande-semaine-des-tout-petits\/","og_locale":"en_US","og_type":"article","og_title":"R3USSIR et le Collectif estrien 0-5 ans voient GRAND durant la Grande semaine des tout-petits! - R3USSIR","og_description":"En cette Grande semaine des tout-petits, qui se d\u00e9roule du 14 au 20 novembre, R\u01b7USSIR et le Collectif estrien 0-5 ans souhaitent souligner l\u2019engagement de tous les sympathisants de la petite enfance et inviter ces derniers \u00e0 adh\u00e9rer \u00e0 la Charte estrienne&nbsp;: Voir grand pour nos enfants. Ensemble, mettons les tout-petits au c\u0153ur de nos [&hellip;]","og_url":"https:\/\/reussirestrie.ca\/en\/nouvelles\/r3ussir-et-le-collectif-estrien-0-5-ans-soulignent-la-grande-semaine-des-tout-petits\/","og_site_name":"R3USSIR","article_modified_time":"2023-04-19T14:21:46+00:00","og_image":[{"width":1440,"height":700,"url":"https:\/\/reussirestrie.ca\/wp-content\/uploads\/2022\/11\/nouvelles-site-web-1440x700-1.png","type":"image\/png"}],"twitter_card":"summary_large_image","twitter_misc":{"Est. reading time":"4 minutes"},"schema":{"@context":"https:\/\/schema.org","@graph":[{"@type":"WebPage","@id":"https:\/\/reussirestrie.ca\/en\/nouvelles\/r3ussir-et-le-collectif-estrien-0-5-ans-soulignent-la-grande-semaine-des-tout-petits\/","url":"https:\/\/reussirestrie.ca\/en\/nouvelles\/r3ussir-et-le-collectif-estrien-0-5-ans-soulignent-la-grande-semaine-des-tout-petits\/","name":"R3USSIR et le Collectif estrien 0-5 ans voient GRAND durant la Grande semaine des tout-petits! - R3USSIR","isPartOf":{"@id":"https:\/\/reussirestrie.ca\/en\/#website"},"primaryImageOfPage":{"@id":"https:\/\/reussirestrie.ca\/en\/nouvelles\/r3ussir-et-le-collectif-estrien-0-5-ans-soulignent-la-grande-semaine-des-tout-petits\/#primaryimage"},"image":{"@id":"https:\/\/reussirestrie.ca\/en\/nouvelles\/r3ussir-et-le-collectif-estrien-0-5-ans-soulignent-la-grande-semaine-des-tout-petits\/#primaryimage"},"thumbnailUrl":"https:\/\/reussirestrie.ca\/wp-content\/uploads\/2022\/11\/nouvelles-site-web-1440x700-1.png","datePublished":"2022-11-14T16:58:59+00:00","dateModified":"2023-04-19T14:21:46+00:00","breadcrumb":{"@id":"https:\/\/reussirestrie.ca\/en\/nouvelles\/r3ussir-et-le-collectif-estrien-0-5-ans-soulignent-la-grande-semaine-des-tout-petits\/#breadcrumb"},"inLanguage":"en-US","potentialAction":[{"@type":"ReadAction","target":["https:\/\/reussirestrie.ca\/en\/nouvelles\/r3ussir-et-le-collectif-estrien-0-5-ans-soulignent-la-grande-semaine-des-tout-petits\/"]}]},{"@type":"ImageObject","inLanguage":"en-US","@id":"https:\/\/reussirestrie.ca\/en\/nouvelles\/r3ussir-et-le-collectif-estrien-0-5-ans-soulignent-la-grande-semaine-des-tout-petits\/#primaryimage","url":"https:\/\/reussirestrie.ca\/wp-content\/uploads\/2022\/11\/nouvelles-site-web-1440x700-1.png","contentUrl":"https:\/\/reussirestrie.ca\/wp-content\/uploads\/2022\/11\/nouvelles-site-web-1440x700-1.png","width":1440,"height":700},{"@type":"BreadcrumbList","@id":"https:\/\/reussirestrie.ca\/en\/nouvelles\/r3ussir-et-le-collectif-estrien-0-5-ans-soulignent-la-grande-semaine-des-tout-petits\/#breadcrumb","itemListElement":[{"@type":"ListItem","position":1,"name":"Home","item":"https:\/\/reussirestrie.ca\/en\/"},{"@type":"ListItem","position":2,"name":"Nouvelles","item":"https:\/\/reussirestrie.ca\/en\/nouvelles\/"},{"@type":"ListItem","position":3,"name":"R3USSIR et le Collectif estrien 0-5 ans voient GRAND durant la Grande semaine des tout-petits!"}]},{"@type":"WebSite","@id":"https:\/\/reussirestrie.ca\/en\/#website","url":"https:\/\/reussirestrie.ca\/en\/","name":"R3USSIR","description":"Prioritizing education means prioritizing success","potentialAction":[{"@type":"SearchAction","target":{"@type":"EntryPoint","urlTemplate":"https:\/\/reussirestrie.ca\/en\/?s={search_term_string}"},"query-input":{"@type":"PropertyValueSpecification","valueRequired":true,"valueName":"search_term_string"}}],"inLanguage":"en-US"}]}},"_links":{"self":[{"href":"https:\/\/reussirestrie.ca\/en\/wp-json\/wp\/v2\/cke_nouvelle\/6510","targetHints":{"allow":["GET"]}}],"collection":[{"href":"https:\/\/reussirestrie.ca\/en\/wp-json\/wp\/v2\/cke_nouvelle"}],"about":[{"href":"https:\/\/reussirestrie.ca\/en\/wp-json\/wp\/v2\/types\/cke_nouvelle"}],"wp:featuredmedia":[{"embeddable":true,"href":"https:\/\/reussirestrie.ca\/en\/wp-json\/wp\/v2\/media\/5086"}],"wp:attachment":[{"href":"https:\/\/reussirestrie.ca\/en\/wp-json\/wp\/v2\/media?parent=6510"}],"wp:term":[{"taxonomy":"cke_sujet","embeddable":true,"href":"https:\/\/reussirestrie.ca\/en\/wp-json\/wp\/v2\/cke_sujet?post=6510"},{"taxonomy":"cke_type_nouvelle","embeddable":true,"href":"https:\/\/reussirestrie.ca\/en\/wp-json\/wp\/v2\/cke_type_nouvelle?post=6510"}],"curies":[{"name":"wp","href":"https:\/\/api.w.org\/{rel}","templated":true}]}}